{"id":1530,"date":"2021-06-14T10:07:00","date_gmt":"2021-06-14T10:07:00","guid":{"rendered":"http:\/\/lisezvouslebelge.lademo.be\/fair\/salon-du-livre-et-de-la-presse-jeunesse-de-seine-st-denis\/"},"modified":"2023-01-12T10:04:50","modified_gmt":"2023-01-12T10:04:50","slug":"salon-du-livre-et-de-la-presse-jeunesse-de-seine-st-denis","status":"publish","type":"fair","link":"https:\/\/lisezvouslebelge.be\/en\/fair\/salon-du-livre-et-de-la-presse-jeunesse-de-seine-st-denis\/","title":{"rendered":"Salon du livre et de la presse  jeunesse de Montreuil (France)"},"content":{"rendered":"\n<p class=\"has-h-4-font-size\">From 30 November to 5 December 2022, the fair will host 400 exhibitors, publishing houses and book professionals, and is expecting 170,000 visitors. This year&#8217;s programme includes almost <a href=\"https:\/\/slpjplus.fr\/salon\/les-dedicaces\/\">3,000 <\/a><a href=\"https:\/\/slpjplus.fr\/salon\/les-dedicaces\/\" target=\"_blank\" rel=\"noreferrer noopener\">signing<\/a><a href=\"https:\/\/slpjplus.fr\/salon\/les-dedicaces\/\"> sessions<\/a>, an <a href=\"https:\/\/slpjplus.fr\/salon\/2022\/11\/04\/lexposition-du-salon\/\" target=\"_blank\" rel=\"noreferrer noopener\">exhibition dedicated to Europe and the Mediterranean area<\/a> and a program of meetings on the two stages of the fair around the theme &#8220;Desires of the World&#8221;.<\/p>\n\n\n\n<p>In this teeming event, we would like to draw your attention to the sparkling French-speaking belgian creation; and this year the fair&#8217;s program has awarded three French-speaking belgian titles:<\/p>\n\n\n\n<p>&#8211; <a href=\"https:\/\/www.albin-michel.fr\/hekla-et-laki-9782226475220\">Hekla et Laki<\/a> by Marine Schneider published by Albin Michel<\/p>\n\n\n\n<p>&#8211; <a href=\"https:\/\/www.cotcotcot-editions.com\/jouer-a-cache-cache\">On joue \u00e0 cache-cache?<\/a> by L\u00e9a Viana Ferreira published by Cotcotcot<\/p>\n\n\n\n<p>&#8211; <a href=\"https:\/\/editions-sarbacane.com\/bd\/villevermine-le-tombeau-du-geant\">VilleVermine: le tombeau du g\u00e9ant<\/a> by Julien Lambert published by Sarbacane<\/p>\n\n\n\n<p>The fair has also invited Aylin Man\u00e7o, Julien Lambert, Carl Norac, Violaine Lison, Thomas Lavachery and Caroline Lamarche to take part in the official program of the fair.<\/p>\n\n\n\n<p>Come and discover the cr\u00e8me-de-la-cr\u00e8me of French-speaking belgian creation and publishing on our booth (located in E24) on the first floor of the fair and run by <a href=\"https:\/\/www.librairiewb.com\/\" target=\"_blank\" rel=\"noreferrer noopener\">Librairie Wallonie-Bruxelles in Paris<\/a>. You will find a wide panorama, from early childhood toy books to children&#8217;s albums, from young-adult novels to children&#8217;s imagiers and from comic books to graphic novels. This belgo-stand also offers a signing schedule concocted with eclecticism and malice. You will meet Ma\u00eft\u00e9 Carranza, Beno\u00eet Jacques, Un faux graphiste, Nina Six, Aniss El Hamouri, Myriam Dahman, M\u00e9lanie Rutten, Marie Mahler, L\u00e9a Viana Ferreira and Almudena Pano.<\/p>\n\n\n\n<p>The fair also welcomes many stands of French-Speaking belgian publishers:<\/p>\n\n\n\n<ul><li><a href=\"https:\/\/www.apasdeloups.com\/\">\u00c0 pas de loups<\/a> in E20,<\/li><li>The children&#8217;s philosophy magazine <a href=\"https:\/\/www.phileasetautobule.be\/\" target=\"_blank\" rel=\"noreferrer noopener\">Phil\u00e9as &amp; Autobule<\/a> in A18a,<\/li><li><a href=\"https:\/\/versant-sud.com\/\" target=\"_blank\" rel=\"noreferrer noopener\">Versant Sud jeunesse<\/a> and their stand in E8,<\/li><li>Les \u00e9ditions <a href=\"https:\/\/www.esperluete.be\/\" target=\"_blank\" rel=\"noreferrer noopener\">Esperlu\u00e8te<\/a> at stand D13,<\/li><li>Le <a href=\"https:\/\/www.fremok.org\/\" target=\"_blank\" rel=\"noreferrer noopener\">Fremok<\/a> and <a href=\"https:\/\/employe-du-moi.org\/\" target=\"_blank\" rel=\"noreferrer noopener\">l&#8217;Employ\u00e9 du Moi<\/a> on their stand at the Archipel BD in D2<\/li><li><a href=\"https:\/\/www.lelombard.com\/\" target=\"_blank\" rel=\"noreferrer noopener\">Le Lombard<\/a> in K9<\/li><li><a href=\"http:\/\/www.lansman.be\/editions\/index.php\" target=\"_blank\" rel=\"noreferrer noopener\">Lansman jeunesse<\/a> in C13<\/li><\/ul>\n\n\n\n<p>So come and say hello to them! All practical information <a href=\"https:\/\/slpjplus.fr\/salon\/2022\/11\/04\/informations-pratiques\/\" target=\"_blank\" rel=\"noreferrer noopener\">here<\/a>. <\/p>\n\n\n\n<p><\/p>\n\n\n\n<p><\/p>\n","protected":false},"excerpt":{"rendered":"<p>From 30 November to 5 December 2022 <\/br><br \/>\nThis fair is both a major literary festival and a fair for children&#8217;s publishing houses. We have a stand run by Librairie Wallonie-Bruxelles de Paris. It takes place every year in early December. <\/br><br \/>\nhttps:\/\/slpjplus.fr\/<\/p>\n","protected":false},"author":1,"featured_media":9323,"menu_order":0,"template":"","meta":[],"acf":[],"yoast_head":"<!-- This site is optimized with the Yoast SEO plugin v19.1 - https:\/\/yoast.com\/wordpress\/plugins\/seo\/ -->\n<title>Salon du livre et de la presse jeunesse de Montreuil (France) - lisezvouslebelge<\/title>\n<meta name=\"robots\" content=\"index, follow, max-snippet:-1, max-image-preview:large, max-video-preview:-1\" \/>\n<link rel=\"canonical\" href=\"https:\/\/lisezvouslebelge.be\/en\/fair\/salon-du-livre-et-de-la-presse-jeunesse-de-seine-st-denis\/\" \/>\n<meta property=\"og:locale\" content=\"en_US\" \/>\n<meta property=\"og:type\" content=\"article\" \/>\n<meta property=\"og:title\" content=\"Salon du livre et de la presse jeunesse de Montreuil (France) - lisezvouslebelge\" \/>\n<meta property=\"og:description\" content=\"From 30 November to 5 December 2022 This fair is both a major literary festival and a fair for children&#039;s publishing houses. We have a stand run by Librairie Wallonie-Bruxelles de Paris. It takes place every year in early December.  https:\/\/slpjplus.fr\/\" \/>\n<meta property=\"og:url\" content=\"https:\/\/lisezvouslebelge.be\/en\/fair\/salon-du-livre-et-de-la-presse-jeunesse-de-seine-st-denis\/\" \/>\n<meta property=\"og:site_name\" content=\"lisezvouslebelge\" \/>\n<meta property=\"article:publisher\" content=\"https:\/\/www.facebook.com\/lisezvouslebelge\" \/>\n<meta property=\"article:modified_time\" content=\"2023-01-12T10:04:50+00:00\" \/>\n<meta property=\"og:image\" content=\"https:\/\/lisezvouslebelge.be\/app\/uploads\/2022\/06\/202211-Salon-Montreuil-Visuel.png\" \/>\n\t<meta property=\"og:image:width\" content=\"1200\" \/>\n\t<meta property=\"og:image:height\" content=\"630\" \/>\n\t<meta property=\"og:image:type\" content=\"image\/png\" \/>\n<meta name=\"twitter:card\" content=\"summary_large_image\" \/>\n<meta name=\"twitter:label1\" content=\"Est. reading time\" \/>\n\t<meta name=\"twitter:data1\" content=\"2 minutes\" \/>\n<script type=\"application\/ld+json\" class=\"yoast-schema-graph\">{\"@context\":\"https:\/\/schema.org\",\"@graph\":[{\"@type\":\"Organization\",\"@id\":\"https:\/\/lisezvouslebelge.be\/#organization\",\"name\":\"Lisez-vous le belge ?\",\"url\":\"https:\/\/lisezvouslebelge.be\/\",\"sameAs\":[\"https:\/\/www.facebook.com\/lisezvouslebelge\"],\"logo\":{\"@type\":\"ImageObject\",\"inLanguage\":\"en-US\",\"@id\":\"https:\/\/lisezvouslebelge.be\/#\/schema\/logo\/image\/\",\"url\":\"https:\/\/lisezvouslebelge.be\/app\/uploads\/2022\/06\/Banner-LVLB.jpg\",\"contentUrl\":\"https:\/\/lisezvouslebelge.be\/app\/uploads\/2022\/06\/Banner-LVLB.jpg\",\"width\":1200,\"height\":630,\"caption\":\"Lisez-vous le belge ?\"},\"image\":{\"@id\":\"https:\/\/lisezvouslebelge.be\/#\/schema\/logo\/image\/\"}},{\"@type\":\"WebSite\",\"@id\":\"https:\/\/lisezvouslebelge.be\/#website\",\"url\":\"https:\/\/lisezvouslebelge.be\/\",\"name\":\"lisezvouslebelge\",\"description\":\"\",\"publisher\":{\"@id\":\"https:\/\/lisezvouslebelge.be\/#organization\"},\"potentialAction\":[{\"@type\":\"SearchAction\",\"target\":{\"@type\":\"EntryPoint\",\"urlTemplate\":\"https:\/\/lisezvouslebelge.be\/?s={search_term_string}\"},\"query-input\":\"required name=search_term_string\"}],\"inLanguage\":\"en-US\"},{\"@type\":\"ImageObject\",\"inLanguage\":\"en-US\",\"@id\":\"https:\/\/lisezvouslebelge.be\/en\/fair\/salon-du-livre-et-de-la-presse-jeunesse-de-seine-st-denis\/#primaryimage\",\"url\":\"https:\/\/lisezvouslebelge.be\/app\/uploads\/2022\/06\/202211-Salon-Montreuil-Visuel.png\",\"contentUrl\":\"https:\/\/lisezvouslebelge.be\/app\/uploads\/2022\/06\/202211-Salon-Montreuil-Visuel.png\",\"width\":1200,\"height\":630},{\"@type\":\"WebPage\",\"@id\":\"https:\/\/lisezvouslebelge.be\/en\/fair\/salon-du-livre-et-de-la-presse-jeunesse-de-seine-st-denis\/#webpage\",\"url\":\"https:\/\/lisezvouslebelge.be\/en\/fair\/salon-du-livre-et-de-la-presse-jeunesse-de-seine-st-denis\/\",\"name\":\"Salon du livre et de la presse jeunesse de Montreuil (France) - lisezvouslebelge\",\"isPartOf\":{\"@id\":\"https:\/\/lisezvouslebelge.be\/#website\"},\"primaryImageOfPage\":{\"@id\":\"https:\/\/lisezvouslebelge.be\/en\/fair\/salon-du-livre-et-de-la-presse-jeunesse-de-seine-st-denis\/#primaryimage\"},\"datePublished\":\"2021-06-14T10:07:00+00:00\",\"dateModified\":\"2023-01-12T10:04:50+00:00\",\"breadcrumb\":{\"@id\":\"https:\/\/lisezvouslebelge.be\/en\/fair\/salon-du-livre-et-de-la-presse-jeunesse-de-seine-st-denis\/#breadcrumb\"},\"inLanguage\":\"en-US\",\"potentialAction\":[{\"@type\":\"ReadAction\",\"target\":[\"https:\/\/lisezvouslebelge.be\/en\/fair\/salon-du-livre-et-de-la-presse-jeunesse-de-seine-st-denis\/\"]}]},{\"@type\":\"BreadcrumbList\",\"@id\":\"https:\/\/lisezvouslebelge.be\/en\/fair\/salon-du-livre-et-de-la-presse-jeunesse-de-seine-st-denis\/#breadcrumb\",\"itemListElement\":[{\"@type\":\"ListItem\",\"position\":1,\"name\":\"Home\",\"item\":\"https:\/\/lisezvouslebelge.be\/en\/\"},{\"@type\":\"ListItem\",\"position\":2,\"name\":\"Salon du livre et de la presse jeunesse de Montreuil (France)\"}]}]}<\/script>\n<!-- \/ Yoast SEO plugin. -->","yoast_head_json":{"title":"Salon du livre et de la presse jeunesse de Montreuil (France) - lisezvouslebelge","robots":{"index":"index","follow":"follow","max-snippet":"max-snippet:-1","max-image-preview":"max-image-preview:large","max-video-preview":"max-video-preview:-1"},"canonical":"https:\/\/lisezvouslebelge.be\/en\/fair\/salon-du-livre-et-de-la-presse-jeunesse-de-seine-st-denis\/","og_locale":"en_US","og_type":"article","og_title":"Salon du livre et de la presse jeunesse de Montreuil (France) - lisezvouslebelge","og_description":"From 30 November to 5 December 2022 This fair is both a major literary festival and a fair for children's publishing houses. We have a stand run by Librairie Wallonie-Bruxelles de Paris. It takes place every year in early December.  https:\/\/slpjplus.fr\/","og_url":"https:\/\/lisezvouslebelge.be\/en\/fair\/salon-du-livre-et-de-la-presse-jeunesse-de-seine-st-denis\/","og_site_name":"lisezvouslebelge","article_publisher":"https:\/\/www.facebook.com\/lisezvouslebelge","article_modified_time":"2023-01-12T10:04:50+00:00","og_image":[{"width":1200,"height":630,"url":"https:\/\/lisezvouslebelge.be\/app\/uploads\/2022\/06\/202211-Salon-Montreuil-Visuel.png","type":"image\/png"}],"twitter_card":"summary_large_image","twitter_misc":{"Est. reading time":"2 minutes"},"schema":{"@context":"https:\/\/schema.org","@graph":[{"@type":"Organization","@id":"https:\/\/lisezvouslebelge.be\/#organization","name":"Lisez-vous le belge ?","url":"https:\/\/lisezvouslebelge.be\/","sameAs":["https:\/\/www.facebook.com\/lisezvouslebelge"],"logo":{"@type":"ImageObject","inLanguage":"en-US","@id":"https:\/\/lisezvouslebelge.be\/#\/schema\/logo\/image\/","url":"https:\/\/lisezvouslebelge.be\/app\/uploads\/2022\/06\/Banner-LVLB.jpg","contentUrl":"https:\/\/lisezvouslebelge.be\/app\/uploads\/2022\/06\/Banner-LVLB.jpg","width":1200,"height":630,"caption":"Lisez-vous le belge ?"},"image":{"@id":"https:\/\/lisezvouslebelge.be\/#\/schema\/logo\/image\/"}},{"@type":"WebSite","@id":"https:\/\/lisezvouslebelge.be\/#website","url":"https:\/\/lisezvouslebelge.be\/","name":"lisezvouslebelge","description":"","publisher":{"@id":"https:\/\/lisezvouslebelge.be\/#organization"},"potentialAction":[{"@type":"SearchAction","target":{"@type":"EntryPoint","urlTemplate":"https:\/\/lisezvouslebelge.be\/?s={search_term_string}"},"query-input":"required name=search_term_string"}],"inLanguage":"en-US"},{"@type":"ImageObject","inLanguage":"en-US","@id":"https:\/\/lisezvouslebelge.be\/en\/fair\/salon-du-livre-et-de-la-presse-jeunesse-de-seine-st-denis\/#primaryimage","url":"https:\/\/lisezvouslebelge.be\/app\/uploads\/2022\/06\/202211-Salon-Montreuil-Visuel.png","contentUrl":"https:\/\/lisezvouslebelge.be\/app\/uploads\/2022\/06\/202211-Salon-Montreuil-Visuel.png","width":1200,"height":630},{"@type":"WebPage","@id":"https:\/\/lisezvouslebelge.be\/en\/fair\/salon-du-livre-et-de-la-presse-jeunesse-de-seine-st-denis\/#webpage","url":"https:\/\/lisezvouslebelge.be\/en\/fair\/salon-du-livre-et-de-la-presse-jeunesse-de-seine-st-denis\/","name":"Salon du livre et de la presse jeunesse de Montreuil (France) - lisezvouslebelge","isPartOf":{"@id":"https:\/\/lisezvouslebelge.be\/#website"},"primaryImageOfPage":{"@id":"https:\/\/lisezvouslebelge.be\/en\/fair\/salon-du-livre-et-de-la-presse-jeunesse-de-seine-st-denis\/#primaryimage"},"datePublished":"2021-06-14T10:07:00+00:00","dateModified":"2023-01-12T10:04:50+00:00","breadcrumb":{"@id":"https:\/\/lisezvouslebelge.be\/en\/fair\/salon-du-livre-et-de-la-presse-jeunesse-de-seine-st-denis\/#breadcrumb"},"inLanguage":"en-US","potentialAction":[{"@type":"ReadAction","target":["https:\/\/lisezvouslebelge.be\/en\/fair\/salon-du-livre-et-de-la-presse-jeunesse-de-seine-st-denis\/"]}]},{"@type":"BreadcrumbList","@id":"https:\/\/lisezvouslebelge.be\/en\/fair\/salon-du-livre-et-de-la-presse-jeunesse-de-seine-st-denis\/#breadcrumb","itemListElement":[{"@type":"ListItem","position":1,"name":"Home","item":"https:\/\/lisezvouslebelge.be\/en\/"},{"@type":"ListItem","position":2,"name":"Salon du livre et de la presse jeunesse de Montreuil (France)"}]}]}},"_links":{"self":[{"href":"https:\/\/lisezvouslebelge.be\/en\/wp-json\/wp\/v2\/fair\/1530"}],"collection":[{"href":"https:\/\/lisezvouslebelge.be\/en\/wp-json\/wp\/v2\/fair"}],"about":[{"href":"https:\/\/lisezvouslebelge.be\/en\/wp-json\/wp\/v2\/types\/fair"}],"author":[{"embeddable":true,"href":"https:\/\/lisezvouslebelge.be\/en\/wp-json\/wp\/v2\/users\/1"}],"version-history":[{"count":7,"href":"https:\/\/lisezvouslebelge.be\/en\/wp-json\/wp\/v2\/fair\/1530\/revisions"}],"predecessor-version":[{"id":9328,"href":"https:\/\/lisezvouslebelge.be\/en\/wp-json\/wp\/v2\/fair\/1530\/revisions\/9328"}],"wp:featuredmedia":[{"embeddable":true,"href":"https:\/\/lisezvouslebelge.be\/en\/wp-json\/wp\/v2\/media\/9323"}],"wp:attachment":[{"href":"https:\/\/lisezvouslebelge.be\/en\/wp-json\/wp\/v2\/media?parent=1530"}],"curies":[{"name":"wp","href":"https:\/\/api.w.org\/{rel}","templated":true}]}}